{"id":28,"date":"2020-05-04T07:48:49","date_gmt":"2020-05-04T07:48:49","guid":{"rendered":"https:\/\/themes.muffingroup.com\/be\/finance2_el\/?page_id=2"},"modified":"2020-12-21T10:22:02","modified_gmt":"2020-12-21T08:22:02","slug":"sample-page-2","status":"publish","type":"page","link":"https:\/\/gimnasticna-zveza.si\/","title":{"rendered":"Meni_prva"},"content":{"rendered":"\t\t<div data-elementor-type=\"wp-page\" data-elementor-id=\"28\" class=\"elementor elementor-28\" data-elementor-post-type=\"page\">\n\t\t\t\t\t\t<section class=\"elementor-section elementor-top-section elementor-element elementor-element-036e842 elementor-section-boxed elementor-section-height-default elementor-section-height-default\" data-id=\"036e842\" data-element_type=\"section\" data-e-type=\"section\">\n\t\t\t\t\t\t<div class=\"elementor-container elementor-column-gap-default\">\n\t\t\t\t\t<div class=\"elementor-column elementor-col-100 elementor-top-column elementor-element elementor-element-9ece233\" data-id=\"9ece233\" data-element_type=\"column\" data-e-type=\"column\">\n\t\t\t<div class=\"elementor-widget-wrap elementor-element-populated\">\n\t\t\t\t\t\t<div class=\"elementor-element elementor-element-10b8171 elementor-widget elementor-widget-mfn_blog_teaser\" data-id=\"10b8171\" data-element_type=\"widget\" data-e-type=\"widget\" data-widget_type=\"mfn_blog_teaser.default\">\n\t\t\t\t<div class=\"elementor-widget-container\">\n\t\t\t\t\t<div class=\"blog-teaser \"><h4 class=\"title heading\">Najnovej\u0161e novice iz slovenske gimnastike<\/h4><ul class=\"teaser-wrapper\"><li class=\"post-9377 post type-post status-publish format-standard has-post-thumbnail hentry category-gimnastika\"><div class=\"photo-wrapper scale-with-grid\"><img fetchpriority=\"high\" decoding=\"async\" width=\"960\" height=\"720\" src=\"https:\/\/gimnasticna-zveza.si\/wp-content\/uploads\/2026\/04\/GZS-SP2026-Web-banner-960x720.jpg\" class=\"scale-with-grid wp-post-image\" alt=\"\" \/><\/div><div class=\"desc-wrapper\"><div class=\"desc\"><div class=\"post-meta clearfix\"><span class=\"date\"><i class=\"icon-clock\"><\/i> <span class=\"post-date\">16 aprila, 2026<\/span><\/span><\/div><div class=\"post-title\"><h3 class=\"featured-title\"><a href=\"https:\/\/gimnasticna-zveza.si\/index.php\/2026\/04\/16\/jubilejni-20-svetovni-pokal-razkriva-svojo-podobo\/\">Jubilejni 20. svetovni pokal razkriva svojo podobo<\/a><\/h3><\/div><\/div><\/div><\/li><li class=\"post-9372 post type-post status-publish format-standard has-post-thumbnail hentry category-gimnastika\"><div class=\"photo-wrapper scale-with-grid\"><img decoding=\"async\" width=\"448\" height=\"299\" src=\"https:\/\/gimnasticna-zveza.si\/wp-content\/uploads\/2026\/04\/Drago.jpg\" class=\"scale-with-grid wp-post-image\" alt=\"\" srcset=\"https:\/\/gimnasticna-zveza.si\/wp-content\/uploads\/2026\/04\/Drago.jpg 448w, https:\/\/gimnasticna-zveza.si\/wp-content\/uploads\/2026\/04\/Drago-300x200.jpg 300w, https:\/\/gimnasticna-zveza.si\/wp-content\/uploads\/2026\/04\/Drago-112x75.jpg 112w\" sizes=\"(max-width:767px) 448px, 448px\" \/><\/div><div class=\"desc-wrapper\"><div class=\"desc\"><div class=\"post-meta clearfix\"><span class=\"date\"><i class=\"icon-clock\"><\/i> <span class=\"post-date\">14 aprila, 2026<\/span><\/span><\/div><div class=\"post-title\"><h3 class=\"title\"><a href=\"https:\/\/gimnasticna-zveza.si\/index.php\/2026\/04\/14\/v-spomin-dragu-sostaricu\/\">V spomin Dragu \u0160o\u0161tari\u010du<\/a><\/h3><\/div><\/div><\/div><\/li><li class=\"post-9364 post type-post status-publish format-standard has-post-thumbnail hentry category-gimnastika\"><div class=\"photo-wrapper scale-with-grid\"><img decoding=\"async\" width=\"960\" height=\"720\" src=\"https:\/\/gimnasticna-zveza.si\/wp-content\/uploads\/2026\/04\/viber_image_2026-04-12_15-59-30-719-960x720.jpg\" class=\"scale-with-grid wp-post-image\" alt=\"\" \/><\/div><div class=\"desc-wrapper\"><div class=\"desc\"><div class=\"post-meta clearfix\"><span class=\"date\"><i class=\"icon-clock\"><\/i> <span class=\"post-date\">12 aprila, 2026<\/span><\/span><\/div><div class=\"post-title\"><h3 class=\"title\"><a href=\"https:\/\/gimnasticna-zveza.si\/index.php\/2026\/04\/12\/trtnik-sesta-v-finalu-gredi-v-osijeku\/\">\u00a0Trtnik \u0161esta v finalu gredi v Osijeku<\/a><\/h3><\/div><\/div><\/div><\/li><\/ul><\/div>\n\t\t\t\t<\/div>\n\t\t\t\t<\/div>\n\t\t\t\t\t<\/div>\n\t\t<\/div>\n\t\t\t\t\t<\/div>\n\t\t<\/section>\n\t\t\t\t<\/div>\n\t\t","protected":false},"excerpt":{"rendered":"<p>Najnovej\u0161e novice iz slovenske gimnastike Objavil \u0160pela Hus dne December<span class=\"excerpt-hellip\"> [\u2026]<\/span><\/p>\n","protected":false},"author":2,"featured_media":0,"parent":0,"menu_order":0,"comment_status":"closed","ping_status":"open","template":"","meta":{"_monsterinsights_skip_tracking":false,"_monsterinsights_sitenote_active":false,"_monsterinsights_sitenote_note":"","_monsterinsights_sitenote_category":0,"footnotes":""},"class_list":["post-28","page","type-page","status-publish","hentry"],"_links":{"self":[{"href":"https:\/\/gimnasticna-zveza.si\/index.php\/wp-json\/wp\/v2\/pages\/28","targetHints":{"allow":["GET"]}}],"collection":[{"href":"https:\/\/gimnasticna-zveza.si\/index.php\/wp-json\/wp\/v2\/pages"}],"about":[{"href":"https:\/\/gimnasticna-zveza.si\/index.php\/wp-json\/wp\/v2\/types\/page"}],"author":[{"embeddable":true,"href":"https:\/\/gimnasticna-zveza.si\/index.php\/wp-json\/wp\/v2\/users\/2"}],"replies":[{"embeddable":true,"href":"https:\/\/gimnasticna-zveza.si\/index.php\/wp-json\/wp\/v2\/comments?post=28"}],"version-history":[{"count":29,"href":"https:\/\/gimnasticna-zveza.si\/index.php\/wp-json\/wp\/v2\/pages\/28\/revisions"}],"predecessor-version":[{"id":1404,"href":"https:\/\/gimnasticna-zveza.si\/index.php\/wp-json\/wp\/v2\/pages\/28\/revisions\/1404"}],"wp:attachment":[{"href":"https:\/\/gimnasticna-zveza.si\/index.php\/wp-json\/wp\/v2\/media?parent=28"}],"curies":[{"name":"wp","href":"https:\/\/api.w.org\/{rel}","templated":true}]}}