{"id":1338,"date":"2020-12-09T19:33:45","date_gmt":"2020-12-09T17:33:45","guid":{"rendered":"http:\/\/www.gimnasticna-zveza.si\/?page_id=1338"},"modified":"2021-01-07T12:51:59","modified_gmt":"2021-01-07T10:51:59","slug":"novice_test","status":"publish","type":"page","link":"https:\/\/gimnasticna-zveza.si\/index.php\/novice_test\/","title":{"rendered":"Novice_test"},"content":{"rendered":"\t\t<div data-elementor-type=\"wp-page\" data-elementor-id=\"1338\" class=\"elementor elementor-1338\" data-elementor-post-type=\"page\">\n\t\t\t\t\t\t<section class=\"elementor-section elementor-top-section elementor-element elementor-element-261b20d elementor-section-boxed elementor-section-height-default elementor-section-height-default\" data-id=\"261b20d\" data-element_type=\"section\" data-e-type=\"section\">\n\t\t\t\t\t\t<div class=\"elementor-container elementor-column-gap-default\">\n\t\t\t\t\t<div class=\"elementor-column elementor-col-100 elementor-top-column elementor-element elementor-element-1a0232a\" data-id=\"1a0232a\" data-element_type=\"column\" data-e-type=\"column\">\n\t\t\t<div class=\"elementor-widget-wrap elementor-element-populated\">\n\t\t\t\t\t\t<div class=\"elementor-element elementor-element-f367ef7 elementor-grid-3 elementor-grid-tablet-2 elementor-grid-mobile-1 elementor-posts--thumbnail-top elementor-widget elementor-widget-posts\" data-id=\"f367ef7\" data-element_type=\"widget\" data-e-type=\"widget\" data-settings=\"{&quot;pagination_type&quot;:&quot;prev_next&quot;,&quot;classic_columns&quot;:&quot;3&quot;,&quot;classic_columns_tablet&quot;:&quot;2&quot;,&quot;classic_columns_mobile&quot;:&quot;1&quot;,&quot;classic_row_gap&quot;:{&quot;unit&quot;:&quot;px&quot;,&quot;size&quot;:35,&quot;sizes&quot;:[]},&quot;classic_row_gap_tablet&quot;:{&quot;unit&quot;:&quot;px&quot;,&quot;size&quot;:&quot;&quot;,&quot;sizes&quot;:[]},&quot;classic_row_gap_mobile&quot;:{&quot;unit&quot;:&quot;px&quot;,&quot;size&quot;:&quot;&quot;,&quot;sizes&quot;:[]}}\" data-widget_type=\"posts.classic\">\n\t\t\t\t<div class=\"elementor-widget-container\">\n\t\t\t\t\t\t\t<div class=\"elementor-posts-container elementor-posts elementor-posts--skin-classic elementor-grid\" role=\"list\">\n\t\t\t\t<article class=\"elementor-post elementor-grid-item post-9377 post type-post status-publish format-standard has-post-thumbnail hentry category-gimnastika\" role=\"listitem\">\n\t\t\t\t<a class=\"elementor-post__thumbnail__link\" href=\"https:\/\/gimnasticna-zveza.si\/index.php\/2026\/04\/16\/jubilejni-20-svetovni-pokal-razkriva-svojo-podobo\/\" tabindex=\"-1\" target=&quot;_blank&quot;>\n\t\t\t<div class=\"elementor-post__thumbnail\"><img fetchpriority=\"high\" decoding=\"async\" width=\"300\" height=\"169\" src=\"https:\/\/gimnasticna-zveza.si\/wp-content\/uploads\/2026\/04\/GZS-SP2026-Web-banner-300x169.jpg\" class=\"attachment-medium size-medium wp-image-9378\" alt=\"\" srcset=\"https:\/\/gimnasticna-zveza.si\/wp-content\/uploads\/2026\/04\/GZS-SP2026-Web-banner-300x169.jpg 300w, https:\/\/gimnasticna-zveza.si\/wp-content\/uploads\/2026\/04\/GZS-SP2026-Web-banner-1024x576.jpg 1024w, https:\/\/gimnasticna-zveza.si\/wp-content\/uploads\/2026\/04\/GZS-SP2026-Web-banner-768x432.jpg 768w, https:\/\/gimnasticna-zveza.si\/wp-content\/uploads\/2026\/04\/GZS-SP2026-Web-banner-1536x864.jpg 1536w, https:\/\/gimnasticna-zveza.si\/wp-content\/uploads\/2026\/04\/GZS-SP2026-Web-banner-133x75.jpg 133w, https:\/\/gimnasticna-zveza.si\/wp-content\/uploads\/2026\/04\/GZS-SP2026-Web-banner-1200x675.jpg 1200w, https:\/\/gimnasticna-zveza.si\/wp-content\/uploads\/2026\/04\/GZS-SP2026-Web-banner-480x270.jpg 480w, https:\/\/gimnasticna-zveza.si\/wp-content\/uploads\/2026\/04\/GZS-SP2026-Web-banner-800x450.jpg 800w, https:\/\/gimnasticna-zveza.si\/wp-content\/uploads\/2026\/04\/GZS-SP2026-Web-banner.jpg 1728w\" sizes=\"(max-width:767px) 300px, 300px\" \/><\/div>\n\t\t<\/a>\n\t\t\t\t<div class=\"elementor-post__text\">\n\t\t\t\t<p class=\"elementor-post__title\">\n\t\t\t<a href=\"https:\/\/gimnasticna-zveza.si\/index.php\/2026\/04\/16\/jubilejni-20-svetovni-pokal-razkriva-svojo-podobo\/\" target=&quot;_blank&quot;>\n\t\t\t\tJubilejni 20. svetovni pokal razkriva svojo podobo\t\t\t<\/a>\n\t\t<\/p>\n\t\t\t\t<div class=\"elementor-post__meta-data\">\n\t\t\t\t\t<span class=\"elementor-post-date\">\n\t\t\t16 aprila, 2026\t\t<\/span>\n\t\t\t\t<span class=\"elementor-post-avatar\">\n\t\t\tNi komentarjev\t\t<\/span>\n\t\t\t\t<\/div>\n\t\t\t\t<div class=\"elementor-post__excerpt\">\n\t\t\t<p>Le \u0161e dobrih 6 tednov nas lo\u010dit od najve\u010djega gimnasti\u010dnega<\/p>\n\t\t<\/div>\n\t\t\n\t\t<a class=\"elementor-post__read-more\" href=\"https:\/\/gimnasticna-zveza.si\/index.php\/2026\/04\/16\/jubilejni-20-svetovni-pokal-razkriva-svojo-podobo\/\" aria-label=\"Read more about Jubilejni 20. svetovni pokal razkriva svojo podobo\" tabindex=\"-1\" target=\"_blank\">\n\t\t\tPreberi ve\u010d \u00bb\t\t<\/a>\n\n\t\t\t\t<\/div>\n\t\t\t\t<\/article>\n\t\t\t\t<article class=\"elementor-post elementor-grid-item post-9372 post type-post status-publish format-standard has-post-thumbnail hentry category-gimnastika\" role=\"listitem\">\n\t\t\t\t<a class=\"elementor-post__thumbnail__link\" href=\"https:\/\/gimnasticna-zveza.si\/index.php\/2026\/04\/14\/v-spomin-dragu-sostaricu\/\" tabindex=\"-1\" target=&quot;_blank&quot;>\n\t\t\t<div class=\"elementor-post__thumbnail\"><img decoding=\"async\" width=\"300\" height=\"200\" src=\"https:\/\/gimnasticna-zveza.si\/wp-content\/uploads\/2026\/04\/Drago-300x200.jpg\" class=\"attachment-medium size-medium wp-image-9373\" alt=\"\" srcset=\"https:\/\/gimnasticna-zveza.si\/wp-content\/uploads\/2026\/04\/Drago-300x200.jpg 300w, https:\/\/gimnasticna-zveza.si\/wp-content\/uploads\/2026\/04\/Drago-112x75.jpg 112w, https:\/\/gimnasticna-zveza.si\/wp-content\/uploads\/2026\/04\/Drago.jpg 448w\" sizes=\"(max-width:767px) 300px, 300px\" \/><\/div>\n\t\t<\/a>\n\t\t\t\t<div class=\"elementor-post__text\">\n\t\t\t\t<p class=\"elementor-post__title\">\n\t\t\t<a href=\"https:\/\/gimnasticna-zveza.si\/index.php\/2026\/04\/14\/v-spomin-dragu-sostaricu\/\" target=&quot;_blank&quot;>\n\t\t\t\tV spomin Dragu \u0160o\u0161tari\u010du\t\t\t<\/a>\n\t\t<\/p>\n\t\t\t\t<div class=\"elementor-post__meta-data\">\n\t\t\t\t\t<span class=\"elementor-post-date\">\n\t\t\t14 aprila, 2026\t\t<\/span>\n\t\t\t\t<span class=\"elementor-post-avatar\">\n\t\t\tNi komentarjev\t\t<\/span>\n\t\t\t\t<\/div>\n\t\t\t\t<div class=\"elementor-post__excerpt\">\n\t\t\t<p>Z globoko \u017ealostjo sporo\u010damo, da nas je v\u010deraj, 13. aprila<\/p>\n\t\t<\/div>\n\t\t\n\t\t<a class=\"elementor-post__read-more\" href=\"https:\/\/gimnasticna-zveza.si\/index.php\/2026\/04\/14\/v-spomin-dragu-sostaricu\/\" aria-label=\"Read more about V spomin Dragu \u0160o\u0161tari\u010du\" tabindex=\"-1\" target=\"_blank\">\n\t\t\tPreberi ve\u010d \u00bb\t\t<\/a>\n\n\t\t\t\t<\/div>\n\t\t\t\t<\/article>\n\t\t\t\t<article class=\"elementor-post elementor-grid-item post-9364 post type-post status-publish format-standard has-post-thumbnail hentry category-gimnastika\" role=\"listitem\">\n\t\t\t\t<a class=\"elementor-post__thumbnail__link\" href=\"https:\/\/gimnasticna-zveza.si\/index.php\/2026\/04\/12\/trtnik-sesta-v-finalu-gredi-v-osijeku\/\" tabindex=\"-1\" target=&quot;_blank&quot;>\n\t\t\t<div class=\"elementor-post__thumbnail\"><img decoding=\"async\" width=\"225\" height=\"300\" src=\"https:\/\/gimnasticna-zveza.si\/wp-content\/uploads\/2026\/04\/viber_image_2026-04-12_15-59-30-719-225x300.jpg\" class=\"attachment-medium size-medium wp-image-9365\" alt=\"\" srcset=\"https:\/\/gimnasticna-zveza.si\/wp-content\/uploads\/2026\/04\/viber_image_2026-04-12_15-59-30-719-225x300.jpg 225w, https:\/\/gimnasticna-zveza.si\/wp-content\/uploads\/2026\/04\/viber_image_2026-04-12_15-59-30-719-768x1024.jpg 768w, https:\/\/gimnasticna-zveza.si\/wp-content\/uploads\/2026\/04\/viber_image_2026-04-12_15-59-30-719-1152x1536.jpg 1152w, https:\/\/gimnasticna-zveza.si\/wp-content\/uploads\/2026\/04\/viber_image_2026-04-12_15-59-30-719-56x75.jpg 56w, https:\/\/gimnasticna-zveza.si\/wp-content\/uploads\/2026\/04\/viber_image_2026-04-12_15-59-30-719-480x640.jpg 480w, https:\/\/gimnasticna-zveza.si\/wp-content\/uploads\/2026\/04\/viber_image_2026-04-12_15-59-30-719-800x1067.jpg 800w, https:\/\/gimnasticna-zveza.si\/wp-content\/uploads\/2026\/04\/viber_image_2026-04-12_15-59-30-719.jpg 1200w\" sizes=\"(max-width:767px) 225px, 225px\" \/><\/div>\n\t\t<\/a>\n\t\t\t\t<div class=\"elementor-post__text\">\n\t\t\t\t<p class=\"elementor-post__title\">\n\t\t\t<a href=\"https:\/\/gimnasticna-zveza.si\/index.php\/2026\/04\/12\/trtnik-sesta-v-finalu-gredi-v-osijeku\/\" target=&quot;_blank&quot;>\n\t\t\t\t\u00a0Trtnik \u0161esta v finalu gredi v Osijeku\t\t\t<\/a>\n\t\t<\/p>\n\t\t\t\t<div class=\"elementor-post__meta-data\">\n\t\t\t\t\t<span class=\"elementor-post-date\">\n\t\t\t12 aprila, 2026\t\t<\/span>\n\t\t\t\t<span class=\"elementor-post-avatar\">\n\t\t\tNi komentarjev\t\t<\/span>\n\t\t\t\t<\/div>\n\t\t\t\t<div class=\"elementor-post__excerpt\">\n\t\t\t<p>Osijek, 12. aprila (STA) &#8211; Mlada slovenska telovadka Zala Trtnik<\/p>\n\t\t<\/div>\n\t\t\n\t\t<a class=\"elementor-post__read-more\" href=\"https:\/\/gimnasticna-zveza.si\/index.php\/2026\/04\/12\/trtnik-sesta-v-finalu-gredi-v-osijeku\/\" aria-label=\"Read more about \u00a0Trtnik \u0161esta v finalu gredi v Osijeku\" tabindex=\"-1\" target=\"_blank\">\n\t\t\tPreberi ve\u010d \u00bb\t\t<\/a>\n\n\t\t\t\t<\/div>\n\t\t\t\t<\/article>\n\t\t\t\t<article class=\"elementor-post elementor-grid-item post-9359 post type-post status-publish format-standard has-post-thumbnail hentry category-gimnastika\" role=\"listitem\">\n\t\t\t\t<a class=\"elementor-post__thumbnail__link\" href=\"https:\/\/gimnasticna-zveza.si\/index.php\/2026\/04\/11\/alja-ponikvar-nova-drzavna-prvakinja-v-mnogoboju\/\" tabindex=\"-1\" target=&quot;_blank&quot;>\n\t\t\t<div class=\"elementor-post__thumbnail\"><img loading=\"lazy\" decoding=\"async\" width=\"300\" height=\"225\" src=\"https:\/\/gimnasticna-zveza.si\/wp-content\/uploads\/2026\/04\/viber_image_2026-04-11_19-18-19-053-300x225.jpg\" class=\"attachment-medium size-medium wp-image-9360\" alt=\"\" srcset=\"https:\/\/gimnasticna-zveza.si\/wp-content\/uploads\/2026\/04\/viber_image_2026-04-11_19-18-19-053-300x225.jpg 300w, https:\/\/gimnasticna-zveza.si\/wp-content\/uploads\/2026\/04\/viber_image_2026-04-11_19-18-19-053-1024x768.jpg 1024w, https:\/\/gimnasticna-zveza.si\/wp-content\/uploads\/2026\/04\/viber_image_2026-04-11_19-18-19-053-768x576.jpg 768w, https:\/\/gimnasticna-zveza.si\/wp-content\/uploads\/2026\/04\/viber_image_2026-04-11_19-18-19-053-1536x1152.jpg 1536w, https:\/\/gimnasticna-zveza.si\/wp-content\/uploads\/2026\/04\/viber_image_2026-04-11_19-18-19-053-100x75.jpg 100w, https:\/\/gimnasticna-zveza.si\/wp-content\/uploads\/2026\/04\/viber_image_2026-04-11_19-18-19-053-960x720.jpg 960w, https:\/\/gimnasticna-zveza.si\/wp-content\/uploads\/2026\/04\/viber_image_2026-04-11_19-18-19-053-480x360.jpg 480w, https:\/\/gimnasticna-zveza.si\/wp-content\/uploads\/2026\/04\/viber_image_2026-04-11_19-18-19-053-800x600.jpg 800w, https:\/\/gimnasticna-zveza.si\/wp-content\/uploads\/2026\/04\/viber_image_2026-04-11_19-18-19-053.jpg 1600w\" sizes=\"(max-width:767px) 300px, 300px\" \/><\/div>\n\t\t<\/a>\n\t\t\t\t<div class=\"elementor-post__text\">\n\t\t\t\t<p class=\"elementor-post__title\">\n\t\t\t<a href=\"https:\/\/gimnasticna-zveza.si\/index.php\/2026\/04\/11\/alja-ponikvar-nova-drzavna-prvakinja-v-mnogoboju\/\" target=&quot;_blank&quot;>\n\t\t\t\tAlja Ponikvar nova dr\u017eavna prvakinja v mnogoboju\t\t\t<\/a>\n\t\t<\/p>\n\t\t\t\t<div class=\"elementor-post__meta-data\">\n\t\t\t\t\t<span class=\"elementor-post-date\">\n\t\t\t11 aprila, 2026\t\t<\/span>\n\t\t\t\t<span class=\"elementor-post-avatar\">\n\t\t\tNi komentarjev\t\t<\/span>\n\t\t\t\t<\/div>\n\t\t\t\t<div class=\"elementor-post__excerpt\">\n\t\t\t<p>Danes se je v Ljubljani pri\u010del prvi vrhunec doma\u010de tekmovane<\/p>\n\t\t<\/div>\n\t\t\n\t\t<a class=\"elementor-post__read-more\" href=\"https:\/\/gimnasticna-zveza.si\/index.php\/2026\/04\/11\/alja-ponikvar-nova-drzavna-prvakinja-v-mnogoboju\/\" aria-label=\"Read more about Alja Ponikvar nova dr\u017eavna prvakinja v mnogoboju\" tabindex=\"-1\" target=\"_blank\">\n\t\t\tPreberi ve\u010d \u00bb\t\t<\/a>\n\n\t\t\t\t<\/div>\n\t\t\t\t<\/article>\n\t\t\t\t<article class=\"elementor-post elementor-grid-item post-9355 post type-post status-publish format-standard has-post-thumbnail hentry category-gimnastika\" role=\"listitem\">\n\t\t\t\t<a class=\"elementor-post__thumbnail__link\" href=\"https:\/\/gimnasticna-zveza.si\/index.php\/2026\/04\/11\/teja-belak-na-preskoku-skupna-zmagovalka-svetovnega-pokala\/\" tabindex=\"-1\" target=&quot;_blank&quot;>\n\t\t\t<div class=\"elementor-post__thumbnail\"><img loading=\"lazy\" decoding=\"async\" width=\"300\" height=\"180\" src=\"https:\/\/gimnasticna-zveza.si\/wp-content\/uploads\/2026\/04\/viber_image_2026-04-11_16-22-09-415-300x180.jpg\" class=\"attachment-medium size-medium wp-image-9356\" alt=\"\" srcset=\"https:\/\/gimnasticna-zveza.si\/wp-content\/uploads\/2026\/04\/viber_image_2026-04-11_16-22-09-415-300x180.jpg 300w, https:\/\/gimnasticna-zveza.si\/wp-content\/uploads\/2026\/04\/viber_image_2026-04-11_16-22-09-415-1024x614.jpg 1024w, https:\/\/gimnasticna-zveza.si\/wp-content\/uploads\/2026\/04\/viber_image_2026-04-11_16-22-09-415-768x460.jpg 768w, https:\/\/gimnasticna-zveza.si\/wp-content\/uploads\/2026\/04\/viber_image_2026-04-11_16-22-09-415-1536x921.jpg 1536w, https:\/\/gimnasticna-zveza.si\/wp-content\/uploads\/2026\/04\/viber_image_2026-04-11_16-22-09-415-125x75.jpg 125w, https:\/\/gimnasticna-zveza.si\/wp-content\/uploads\/2026\/04\/viber_image_2026-04-11_16-22-09-415-480x288.jpg 480w, https:\/\/gimnasticna-zveza.si\/wp-content\/uploads\/2026\/04\/viber_image_2026-04-11_16-22-09-415-800x480.jpg 800w, https:\/\/gimnasticna-zveza.si\/wp-content\/uploads\/2026\/04\/viber_image_2026-04-11_16-22-09-415.jpg 1600w\" sizes=\"(max-width:767px) 300px, 300px\" \/><\/div>\n\t\t<\/a>\n\t\t\t\t<div class=\"elementor-post__text\">\n\t\t\t\t<p class=\"elementor-post__title\">\n\t\t\t<a href=\"https:\/\/gimnasticna-zveza.si\/index.php\/2026\/04\/11\/teja-belak-na-preskoku-skupna-zmagovalka-svetovnega-pokala\/\" target=&quot;_blank&quot;>\n\t\t\t\tTeja Belak na preskoku skupna zmagovalka svetovnega pokala\t\t\t<\/a>\n\t\t<\/p>\n\t\t\t\t<div class=\"elementor-post__meta-data\">\n\t\t\t\t\t<span class=\"elementor-post-date\">\n\t\t\t11 aprila, 2026\t\t<\/span>\n\t\t\t\t<span class=\"elementor-post-avatar\">\n\t\t\tNi komentarjev\t\t<\/span>\n\t\t\t\t<\/div>\n\t\t\t\t<div class=\"elementor-post__excerpt\">\n\t\t\t<p>Osijek, 11. aprila (STA) &#8211; Slovenska telovadka Teja Belak je<\/p>\n\t\t<\/div>\n\t\t\n\t\t<a class=\"elementor-post__read-more\" href=\"https:\/\/gimnasticna-zveza.si\/index.php\/2026\/04\/11\/teja-belak-na-preskoku-skupna-zmagovalka-svetovnega-pokala\/\" aria-label=\"Read more about Teja Belak na preskoku skupna zmagovalka svetovnega pokala\" tabindex=\"-1\" target=\"_blank\">\n\t\t\tPreberi ve\u010d \u00bb\t\t<\/a>\n\n\t\t\t\t<\/div>\n\t\t\t\t<\/article>\n\t\t\t\t<article class=\"elementor-post elementor-grid-item post-9351 post type-post status-publish format-standard has-post-thumbnail hentry category-gimnastika\" role=\"listitem\">\n\t\t\t\t<a class=\"elementor-post__thumbnail__link\" href=\"https:\/\/gimnasticna-zveza.si\/index.php\/2026\/04\/10\/telovadki-zali-trtnik-na-finalu-sezone-uspel-preboj-med-elito\/\" tabindex=\"-1\" target=&quot;_blank&quot;>\n\t\t\t<div class=\"elementor-post__thumbnail\"><img loading=\"lazy\" decoding=\"async\" width=\"300\" height=\"200\" src=\"https:\/\/gimnasticna-zveza.si\/wp-content\/uploads\/2026\/04\/WhatsApp-Image-2026-04-10-at-19.49.29-300x200.jpeg\" class=\"attachment-medium size-medium wp-image-9352\" alt=\"\" srcset=\"https:\/\/gimnasticna-zveza.si\/wp-content\/uploads\/2026\/04\/WhatsApp-Image-2026-04-10-at-19.49.29-300x200.jpeg 300w, https:\/\/gimnasticna-zveza.si\/wp-content\/uploads\/2026\/04\/WhatsApp-Image-2026-04-10-at-19.49.29-1024x683.jpeg 1024w, https:\/\/gimnasticna-zveza.si\/wp-content\/uploads\/2026\/04\/WhatsApp-Image-2026-04-10-at-19.49.29-768x512.jpeg 768w, https:\/\/gimnasticna-zveza.si\/wp-content\/uploads\/2026\/04\/WhatsApp-Image-2026-04-10-at-19.49.29-1536x1025.jpeg 1536w, https:\/\/gimnasticna-zveza.si\/wp-content\/uploads\/2026\/04\/WhatsApp-Image-2026-04-10-at-19.49.29-2048x1367.jpeg 2048w, https:\/\/gimnasticna-zveza.si\/wp-content\/uploads\/2026\/04\/WhatsApp-Image-2026-04-10-at-19.49.29-112x75.jpeg 112w, https:\/\/gimnasticna-zveza.si\/wp-content\/uploads\/2026\/04\/WhatsApp-Image-2026-04-10-at-19.49.29-480x320.jpeg 480w, https:\/\/gimnasticna-zveza.si\/wp-content\/uploads\/2026\/04\/WhatsApp-Image-2026-04-10-at-19.49.29-800x534.jpeg 800w\" sizes=\"(max-width:767px) 300px, 300px\" \/><\/div>\n\t\t<\/a>\n\t\t\t\t<div class=\"elementor-post__text\">\n\t\t\t\t<p class=\"elementor-post__title\">\n\t\t\t<a href=\"https:\/\/gimnasticna-zveza.si\/index.php\/2026\/04\/10\/telovadki-zali-trtnik-na-finalu-sezone-uspel-preboj-med-elito\/\" target=&quot;_blank&quot;>\n\t\t\t\tTelovadki Zali Trtnik na finalu sezone uspel preboj med elito\t\t\t<\/a>\n\t\t<\/p>\n\t\t\t\t<div class=\"elementor-post__meta-data\">\n\t\t\t\t\t<span class=\"elementor-post-date\">\n\t\t\t10 aprila, 2026\t\t<\/span>\n\t\t\t\t<span class=\"elementor-post-avatar\">\n\t\t\tNi komentarjev\t\t<\/span>\n\t\t\t\t<\/div>\n\t\t\t\t<div class=\"elementor-post__excerpt\">\n\t\t\t<p>Osijek, 10. aprila (STA) &#8211; Mlada slovenska telovadka Zala Trtnik<\/p>\n\t\t<\/div>\n\t\t\n\t\t<a class=\"elementor-post__read-more\" href=\"https:\/\/gimnasticna-zveza.si\/index.php\/2026\/04\/10\/telovadki-zali-trtnik-na-finalu-sezone-uspel-preboj-med-elito\/\" aria-label=\"Read more about Telovadki Zali Trtnik na finalu sezone uspel preboj med elito\" tabindex=\"-1\" target=\"_blank\">\n\t\t\tPreberi ve\u010d \u00bb\t\t<\/a>\n\n\t\t\t\t<\/div>\n\t\t\t\t<\/article>\n\t\t\t\t<\/div>\n\t\t\n\t\t\t\t<div class=\"e-load-more-anchor\" data-page=\"1\" data-max-page=\"83\" data-next-page=\"https:\/\/gimnasticna-zveza.si\/index.php\/wp-json\/wp\/v2\/pages\/1338\/page\/2\/\"><\/div>\n\t\t\t\t<nav class=\"elementor-pagination\" aria-label=\"Pagination\">\n\t\t\t<span class=\"page-numbers prev\">&laquo; Prej\u0161na<\/span>\n<a class=\"page-numbers next\" href=\"https:\/\/gimnasticna-zveza.si\/index.php\/wp-json\/wp\/v2\/pages\/1338\/page\/2\/\">Naslednja &raquo;<\/a>\t\t<\/nav>\n\t\t\t\t\t\t<\/div>\n\t\t\t\t<\/div>\n\t\t\t\t\t<\/div>\n\t\t<\/div>\n\t\t\t\t\t<\/div>\n\t\t<\/section>\n\t\t\t\t<section class=\"elementor-section elementor-top-section elementor-element elementor-element-a9b89e9 elementor-section-boxed elementor-section-height-default elementor-section-height-default\" data-id=\"a9b89e9\" data-element_type=\"section\" data-e-type=\"section\">\n\t\t\t\t\t\t<div class=\"elementor-container elementor-column-gap-default\">\n\t\t\t\t\t<div class=\"elementor-column elementor-col-100 elementor-top-column elementor-element elementor-element-2f4ac2f\" data-id=\"2f4ac2f\" data-element_type=\"column\" data-e-type=\"column\">\n\t\t\t<div class=\"elementor-widget-wrap elementor-element-populated\">\n\t\t\t\t\t\t<div class=\"elementor-element elementor-element-487681f elementor-widget elementor-widget-wp-widget-archives\" data-id=\"487681f\" data-element_type=\"widget\" data-e-type=\"widget\" data-widget_type=\"wp-widget-archives.default\">\n\t\t\t\t<div class=\"elementor-widget-container\">\n\t\t\t\t\t<h5>ARHIV<\/h5>\n\t\t\t<ul>\n\t\t\t\t\t<li><a href='https:\/\/gimnasticna-zveza.si\/index.php\/2026\/04\/'>april 2026<\/a><\/li>\n\t<li><a href='https:\/\/gimnasticna-zveza.si\/index.php\/2026\/03\/'>marec 2026<\/a><\/li>\n\t<li><a href='https:\/\/gimnasticna-zveza.si\/index.php\/2026\/02\/'>februar 2026<\/a><\/li>\n\t<li><a href='https:\/\/gimnasticna-zveza.si\/index.php\/2026\/01\/'>januar 2026<\/a><\/li>\n\t<li><a href='https:\/\/gimnasticna-zveza.si\/index.php\/2025\/12\/'>december 2025<\/a><\/li>\n\t<li><a href='https:\/\/gimnasticna-zveza.si\/index.php\/2025\/11\/'>november 2025<\/a><\/li>\n\t<li><a href='https:\/\/gimnasticna-zveza.si\/index.php\/2025\/10\/'>oktober 2025<\/a><\/li>\n\t<li><a href='https:\/\/gimnasticna-zveza.si\/index.php\/2025\/09\/'>september 2025<\/a><\/li>\n\t<li><a href='https:\/\/gimnasticna-zveza.si\/index.php\/2025\/08\/'>avgust 2025<\/a><\/li>\n\t<li><a href='https:\/\/gimnasticna-zveza.si\/index.php\/2025\/06\/'>junij 2025<\/a><\/li>\n\t<li><a href='https:\/\/gimnasticna-zveza.si\/index.php\/2025\/05\/'>maj 2025<\/a><\/li>\n\t<li><a href='https:\/\/gimnasticna-zveza.si\/index.php\/2025\/04\/'>april 2025<\/a><\/li>\n\t<li><a href='https:\/\/gimnasticna-zveza.si\/index.php\/2025\/03\/'>marec 2025<\/a><\/li>\n\t<li><a href='https:\/\/gimnasticna-zveza.si\/index.php\/2025\/02\/'>februar 2025<\/a><\/li>\n\t<li><a href='https:\/\/gimnasticna-zveza.si\/index.php\/2025\/01\/'>januar 2025<\/a><\/li>\n\t<li><a href='https:\/\/gimnasticna-zveza.si\/index.php\/2024\/12\/'>december 2024<\/a><\/li>\n\t<li><a href='https:\/\/gimnasticna-zveza.si\/index.php\/2024\/11\/'>november 2024<\/a><\/li>\n\t<li><a href='https:\/\/gimnasticna-zveza.si\/index.php\/2024\/10\/'>oktober 2024<\/a><\/li>\n\t<li><a href='https:\/\/gimnasticna-zveza.si\/index.php\/2024\/09\/'>september 2024<\/a><\/li>\n\t<li><a href='https:\/\/gimnasticna-zveza.si\/index.php\/2024\/08\/'>avgust 2024<\/a><\/li>\n\t<li><a href='https:\/\/gimnasticna-zveza.si\/index.php\/2024\/07\/'>julij 2024<\/a><\/li>\n\t<li><a href='https:\/\/gimnasticna-zveza.si\/index.php\/2024\/06\/'>junij 2024<\/a><\/li>\n\t<li><a href='https:\/\/gimnasticna-zveza.si\/index.php\/2024\/05\/'>maj 2024<\/a><\/li>\n\t<li><a href='https:\/\/gimnasticna-zveza.si\/index.php\/2024\/04\/'>april 2024<\/a><\/li>\n\t<li><a href='https:\/\/gimnasticna-zveza.si\/index.php\/2024\/03\/'>marec 2024<\/a><\/li>\n\t<li><a href='https:\/\/gimnasticna-zveza.si\/index.php\/2024\/02\/'>februar 2024<\/a><\/li>\n\t<li><a href='https:\/\/gimnasticna-zveza.si\/index.php\/2024\/01\/'>januar 2024<\/a><\/li>\n\t<li><a href='https:\/\/gimnasticna-zveza.si\/index.php\/2023\/12\/'>december 2023<\/a><\/li>\n\t<li><a href='https:\/\/gimnasticna-zveza.si\/index.php\/2023\/11\/'>november 2023<\/a><\/li>\n\t<li><a href='https:\/\/gimnasticna-zveza.si\/index.php\/2023\/10\/'>oktober 2023<\/a><\/li>\n\t<li><a href='https:\/\/gimnasticna-zveza.si\/index.php\/2023\/09\/'>september 2023<\/a><\/li>\n\t<li><a href='https:\/\/gimnasticna-zveza.si\/index.php\/2023\/08\/'>avgust 2023<\/a><\/li>\n\t<li><a href='https:\/\/gimnasticna-zveza.si\/index.php\/2023\/07\/'>julij 2023<\/a><\/li>\n\t<li><a href='https:\/\/gimnasticna-zveza.si\/index.php\/2023\/06\/'>junij 2023<\/a><\/li>\n\t<li><a href='https:\/\/gimnasticna-zveza.si\/index.php\/2023\/05\/'>maj 2023<\/a><\/li>\n\t<li><a href='https:\/\/gimnasticna-zveza.si\/index.php\/2023\/04\/'>april 2023<\/a><\/li>\n\t<li><a href='https:\/\/gimnasticna-zveza.si\/index.php\/2023\/03\/'>marec 2023<\/a><\/li>\n\t<li><a href='https:\/\/gimnasticna-zveza.si\/index.php\/2023\/02\/'>februar 2023<\/a><\/li>\n\t<li><a href='https:\/\/gimnasticna-zveza.si\/index.php\/2023\/01\/'>januar 2023<\/a><\/li>\n\t<li><a href='https:\/\/gimnasticna-zveza.si\/index.php\/2022\/12\/'>december 2022<\/a><\/li>\n\t<li><a href='https:\/\/gimnasticna-zveza.si\/index.php\/2022\/11\/'>november 2022<\/a><\/li>\n\t<li><a href='https:\/\/gimnasticna-zveza.si\/index.php\/2022\/10\/'>oktober 2022<\/a><\/li>\n\t<li><a href='https:\/\/gimnasticna-zveza.si\/index.php\/2022\/09\/'>september 2022<\/a><\/li>\n\t<li><a href='https:\/\/gimnasticna-zveza.si\/index.php\/2022\/08\/'>avgust 2022<\/a><\/li>\n\t<li><a href='https:\/\/gimnasticna-zveza.si\/index.php\/2022\/07\/'>julij 2022<\/a><\/li>\n\t<li><a href='https:\/\/gimnasticna-zveza.si\/index.php\/2022\/06\/'>junij 2022<\/a><\/li>\n\t<li><a href='https:\/\/gimnasticna-zveza.si\/index.php\/2022\/05\/'>maj 2022<\/a><\/li>\n\t<li><a href='https:\/\/gimnasticna-zveza.si\/index.php\/2022\/04\/'>april 2022<\/a><\/li>\n\t<li><a href='https:\/\/gimnasticna-zveza.si\/index.php\/2022\/03\/'>marec 2022<\/a><\/li>\n\t<li><a href='https:\/\/gimnasticna-zveza.si\/index.php\/2022\/02\/'>februar 2022<\/a><\/li>\n\t<li><a href='https:\/\/gimnasticna-zveza.si\/index.php\/2022\/01\/'>januar 2022<\/a><\/li>\n\t<li><a href='https:\/\/gimnasticna-zveza.si\/index.php\/2021\/12\/'>december 2021<\/a><\/li>\n\t<li><a href='https:\/\/gimnasticna-zveza.si\/index.php\/2021\/11\/'>november 2021<\/a><\/li>\n\t<li><a href='https:\/\/gimnasticna-zveza.si\/index.php\/2021\/10\/'>oktober 2021<\/a><\/li>\n\t<li><a href='https:\/\/gimnasticna-zveza.si\/index.php\/2021\/09\/'>september 2021<\/a><\/li>\n\t<li><a href='https:\/\/gimnasticna-zveza.si\/index.php\/2021\/08\/'>avgust 2021<\/a><\/li>\n\t<li><a href='https:\/\/gimnasticna-zveza.si\/index.php\/2021\/07\/'>julij 2021<\/a><\/li>\n\t<li><a href='https:\/\/gimnasticna-zveza.si\/index.php\/2021\/06\/'>junij 2021<\/a><\/li>\n\t<li><a href='https:\/\/gimnasticna-zveza.si\/index.php\/2021\/05\/'>maj 2021<\/a><\/li>\n\t<li><a href='https:\/\/gimnasticna-zveza.si\/index.php\/2021\/04\/'>april 2021<\/a><\/li>\n\t<li><a href='https:\/\/gimnasticna-zveza.si\/index.php\/2021\/03\/'>marec 2021<\/a><\/li>\n\t<li><a href='https:\/\/gimnasticna-zveza.si\/index.php\/2021\/02\/'>februar 2021<\/a><\/li>\n\t<li><a href='https:\/\/gimnasticna-zveza.si\/index.php\/2021\/01\/'>januar 2021<\/a><\/li>\n\t<li><a href='https:\/\/gimnasticna-zveza.si\/index.php\/2020\/12\/'>december 2020<\/a><\/li>\n\t<li><a href='https:\/\/gimnasticna-zveza.si\/index.php\/2020\/11\/'>november 2020<\/a><\/li>\n\t<li><a href='https:\/\/gimnasticna-zveza.si\/index.php\/2020\/10\/'>oktober 2020<\/a><\/li>\n\t<li><a href='https:\/\/gimnasticna-zveza.si\/index.php\/2020\/09\/'>september 2020<\/a><\/li>\n\t<li><a href='https:\/\/gimnasticna-zveza.si\/index.php\/2020\/08\/'>avgust 2020<\/a><\/li>\n\t\t\t<\/ul>\n\n\t\t\t\t\t\t\t<\/div>\n\t\t\t\t<\/div>\n\t\t\t\t\t<\/div>\n\t\t<\/div>\n\t\t\t\t\t<\/div>\n\t\t<\/section>\n\t\t\t\t<\/div>\n\t\t","protected":false},"excerpt":{"rendered":"Osijek, 10. aprila (STA) - Mlada slovenska telovadka Zala Trtnik<span class=\"excerpt-hellip\"> [\u2026]<\/span>","protected":false},"author":1,"featured_media":0,"parent":0,"menu_order":0,"comment_status":"closed","ping_status":"closed","template":"","meta":{"_monsterinsights_skip_tracking":false,"_monsterinsights_sitenote_active":false,"_monsterinsights_sitenote_note":"","_monsterinsights_sitenote_category":0,"footnotes":""},"class_list":["post-1338","page","type-page","status-publish","hentry"],"_links":{"self":[{"href":"https:\/\/gimnasticna-zveza.si\/index.php\/wp-json\/wp\/v2\/pages\/1338","targetHints":{"allow":["GET"]}}],"collection":[{"href":"https:\/\/gimnasticna-zveza.si\/index.php\/wp-json\/wp\/v2\/pages"}],"about":[{"href":"https:\/\/gimnasticna-zveza.si\/index.php\/wp-json\/wp\/v2\/types\/page"}],"author":[{"embeddable":true,"href":"https:\/\/gimnasticna-zveza.si\/index.php\/wp-json\/wp\/v2\/users\/1"}],"replies":[{"embeddable":true,"href":"https:\/\/gimnasticna-zveza.si\/index.php\/wp-json\/wp\/v2\/comments?post=1338"}],"version-history":[{"count":17,"href":"https:\/\/gimnasticna-zveza.si\/index.php\/wp-json\/wp\/v2\/pages\/1338\/revisions"}],"predecessor-version":[{"id":1842,"href":"https:\/\/gimnasticna-zveza.si\/index.php\/wp-json\/wp\/v2\/pages\/1338\/revisions\/1842"}],"wp:attachment":[{"href":"https:\/\/gimnasticna-zveza.si\/index.php\/wp-json\/wp\/v2\/media?parent=1338"}],"curies":[{"name":"wp","href":"https:\/\/api.w.org\/{rel}","templated":true}]}}